{"id":840,"date":"2021-11-16T11:19:55","date_gmt":"2021-11-16T11:19:55","guid":{"rendered":"https:\/\/www.readingthebeach.unibe.ch\/?page_id=840"},"modified":"2025-03-14T17:02:01","modified_gmt":"2025-03-14T17:02:01","slug":"gf-news-2","status":"publish","type":"page","link":"https:\/\/readingthebeach.unibe.ch\/?page_id=840","title":{"rendered":"NEWS"},"content":{"rendered":"\t\t<div data-elementor-type=\"wp-page\" data-elementor-id=\"840\" class=\"elementor elementor-840\" data-elementor-post-type=\"page\">\n\t\t\t\t\t\t<section class=\"elementor-section elementor-top-section elementor-element elementor-element-19bb461 elementor-section-boxed elementor-section-height-default elementor-section-height-default\" data-id=\"19bb461\" data-element_type=\"section\" data-e-type=\"section\">\n\t\t\t\t\t\t<div class=\"elementor-container elementor-column-gap-default\">\n\t\t\t\t\t<div class=\"elementor-column elementor-col-100 elementor-top-column elementor-element elementor-element-74d1782\" data-id=\"74d1782\" data-element_type=\"column\" data-e-type=\"column\">\n\t\t\t<div class=\"elementor-widget-wrap elementor-element-populated\">\n\t\t\t\t\t\t<div class=\"elementor-element elementor-element-5390821 elementor-widget elementor-widget-spacer\" data-id=\"5390821\" data-element_type=\"widget\" data-e-type=\"widget\" data-widget_type=\"spacer.default\">\n\t\t\t\t<div class=\"elementor-widget-container\">\n\t\t\t\t\t\t\t<div class=\"elementor-spacer\">\n\t\t\t<div class=\"elementor-spacer-inner\"><\/div>\n\t\t<\/div>\n\t\t\t\t\t\t<\/div>\n\t\t\t\t<\/div>\n\t\t\t\t\t<\/div>\n\t\t<\/div>\n\t\t\t\t\t<\/div>\n\t\t<\/section>\n\t\t\t\t<section class=\"elementor-section elementor-top-section elementor-element elementor-element-86724d1 elementor-section-boxed elementor-section-height-default elementor-section-height-default\" data-id=\"86724d1\" data-element_type=\"section\" data-e-type=\"section\">\n\t\t\t\t\t\t<div class=\"elementor-container elementor-column-gap-default\">\n\t\t\t\t\t<div class=\"elementor-column elementor-col-100 elementor-top-column elementor-element elementor-element-9aaaeda\" data-id=\"9aaaeda\" data-element_type=\"column\" data-e-type=\"column\">\n\t\t\t<div class=\"elementor-widget-wrap elementor-element-populated\">\n\t\t\t\t\t\t<div class=\"elementor-element elementor-element-ebae9f2 elementor-widget elementor-widget-heading\" data-id=\"ebae9f2\" data-element_type=\"widget\" data-e-type=\"widget\" data-widget_type=\"heading.default\">\n\t\t\t\t<div class=\"elementor-widget-container\">\n\t\t\t\t\t<h1 class=\"elementor-heading-title elementor-size-xxl\">NEWS<\/h1>\t\t\t\t<\/div>\n\t\t\t\t<\/div>\n\t\t\t\t\t<\/div>\n\t\t<\/div>\n\t\t\t\t\t<\/div>\n\t\t<\/section>\n\t\t\t\t<section class=\"elementor-section elementor-top-section elementor-element elementor-element-16ece94 elementor-section-boxed elementor-section-height-default elementor-section-height-default\" data-id=\"16ece94\" data-element_type=\"section\" data-e-type=\"section\" data-settings=\"{&quot;background_background&quot;:&quot;classic&quot;}\">\n\t\t\t\t\t\t<div class=\"elementor-container elementor-column-gap-default\">\n\t\t\t\t\t<div class=\"elementor-column elementor-col-100 elementor-top-column elementor-element elementor-element-a8b7ae4\" data-id=\"a8b7ae4\" data-element_type=\"column\" data-e-type=\"column\">\n\t\t\t<div class=\"elementor-widget-wrap elementor-element-populated\">\n\t\t\t\t\t\t<div class=\"elementor-element elementor-element-dcf720d elementor-widget elementor-widget-pp-timeline\" data-id=\"dcf720d\" data-element_type=\"widget\" data-e-type=\"widget\" data-settings=\"{&quot;layout&quot;:&quot;vertical&quot;,&quot;dates&quot;:&quot;yes&quot;,&quot;card_arrow&quot;:&quot;yes&quot;,&quot;animate_cards&quot;:&quot;yes&quot;,&quot;direction&quot;:&quot;center&quot;,&quot;direction_tablet&quot;:&quot;left&quot;,&quot;direction_mobile&quot;:&quot;left&quot;}\" data-widget_type=\"pp-timeline.default\">\n\t\t\t\t<div class=\"elementor-widget-container\">\n\t\t\t\t\t\t\t<div class=\"pp-timeline-wrapper\">\n\t\t\t\n\t\t\t<div class=\"pp-timeline pp-timeline-vertical pp-timeline-center pp-timeline-tablet-left pp-timeline-mobile-left pp-timeline-dates pp-timeline-arrows-middle\" data-timeline-layout=\"vertical\">\n\t\t\t\t\t\t\t\t\t<div class=\"pp-timeline-connector-wrap\">\n\t\t\t\t\t\t<div class=\"pp-timeline-connector\">\n\t\t\t\t\t\t\t<div class=\"pp-timeline-connector-inner\">\n\t\t\t\t\t\t\t<\/div>\n\t\t\t\t\t\t<\/div>\n\t\t\t\t\t<\/div>\n\t\t\t\t\t\t\t\t<div class=\"pp-timeline-items\">\n\t\t\t\t\t\t\t<div class=\"pp-timeline-item pp-timeline-item-left elementor-repeater-item-63150de pp-timeline-item-hidden\">\n\t\t\t\t<div class=\"pp-timeline-card-wrapper\">\n\t\t\t\t\t\t\t\t\t\t\t\t\t\t\t<div class=\"pp-timeline-arrow\"><\/div>\n\t\t\t\t\t\t\t\t\t\t<div class=\"pp-timeline-card\">\n\t\t\t\t\t\t\t\t\t\t\t\t\t<div class=\"pp-timeline-card-image\">\n\t\t\t\t\t\t\t\t<img fetchpriority=\"high\" decoding=\"async\" width=\"768\" height=\"382\" src=\"https:\/\/readingthebeach.unibe.ch\/wp-content\/uploads\/2025\/03\/Literary-Atlas-screenshot-for-link-1-768x382.png\" class=\"attachment-medium_large size-medium_large wp-image-2184\" alt=\"\" srcset=\"https:\/\/readingthebeach.unibe.ch\/wp-content\/uploads\/2025\/03\/Literary-Atlas-screenshot-for-link-1-768x382.png 768w, https:\/\/readingthebeach.unibe.ch\/wp-content\/uploads\/2025\/03\/Literary-Atlas-screenshot-for-link-1-300x149.png 300w, https:\/\/readingthebeach.unibe.ch\/wp-content\/uploads\/2025\/03\/Literary-Atlas-screenshot-for-link-1-1024x509.png 1024w, https:\/\/readingthebeach.unibe.ch\/wp-content\/uploads\/2025\/03\/Literary-Atlas-screenshot-for-link-1-1536x764.png 1536w, https:\/\/readingthebeach.unibe.ch\/wp-content\/uploads\/2025\/03\/Literary-Atlas-screenshot-for-link-1.png 1878w\" sizes=\"(max-width: 768px) 100vw, 768px\" \/>\t\t\t\t\t\t\t<\/div>\n\t\t\t\t\t\t\t\t\t\t\t\t\t\t\t\t\t\t\t<div class=\"pp-timeline-card-title-wrap\">\n\t\t\t\t\t\t\t\t\t\t\t\t\t\t\t\t\t\t\t\t\t\t\t\t\t\t\t<div class=\"pp-timeline-card-date\">\n\t\t\t\t\t\t\t\t\t\t\t14 March 2025\t\t\t\t\t\t\t\t\t\t<\/div>\n\t\t\t\t\t\t\t\t\t\t\t\t\t\t\t\t\t\t\t\t\t\t\t\t\t\t\t\t\t\t\t\t\t\t\t\t\t\t\t\t\t\t\t<h2 class=\"pp-timeline-card-title\">\n\t\t\t\t\t\t\t\t\t\tLaunch of the Beach Atlas\t\t\t\t\t\t\t\t\t<\/h2>\n\t\t\t\t\t\t\t\t\t\t\t\t\t\t\t<\/div>\n\t\t\t\t\t\t\t\t\t\t\t\t\t\t\t\t\t\t\t<div class=\"pp-timeline-card-content\">\n\t\t\t\t\t\t\t\t<p>We invite you to visit our project, Digital Shores: An Interactive Atlas of Beach Narratives under the new Literary Atlas tab.<\/p>\t\t\t\t\t\t\t<\/div>\n\t\t\t\t\t\t\t\t\t\t\t<\/div>\n\t\t\t\t\t\t\t\t\t\t<\/a>\n\t\t\t\t\t\t\t\t\t<\/div>\n\n\t\t\t\t\t\t\t\t\t\t\t<div class=\"pp-timeline-marker-wrapper\">\n\t\t\t\n\t\t\t<div class=\"pp-timeline-marker\">\n\t\t\t\t\t\t\t\t\t\t<span class=\"pp-icon\">\n\t\t\t\t\t\t<i aria-hidden=\"true\" class=\"fas fa-calendar\"><\/i>\t\t\t\t\t\t<\/span>\n\t\t\t\t\t\t\t\t\t<\/div>\n\t\t<\/div>\n\t\t\t\t\t<div class=\"pp-timeline-card-date-wrapper\">\n\t\t\t\t\t\t\t\t\t<div class=\"pp-timeline-card-date\">\n\t\t\t\t\t\t14 March 2025\t\t\t\t\t<\/div>\n\t\t\t\t\t\t\t<\/div>\n\t\t\t\t\t\t\t\t\t\t\t<\/div>\n\t\t\t\t\t\t<div class=\"pp-timeline-item pp-timeline-item-right elementor-repeater-item-3f2e4f4 pp-timeline-item-hidden\">\n\t\t\t\t<div class=\"pp-timeline-card-wrapper\">\n\t\t\t\t\t\t\t\t\t\t\t\t\t\t\t<div class=\"pp-timeline-arrow\"><\/div>\n\t\t\t\t\t\t\t\t\t\t<div class=\"pp-timeline-card\">\n\t\t\t\t\t\t\t\t\t\t\t\t\t\t\t\t\t\t\t<div class=\"pp-timeline-card-title-wrap\">\n\t\t\t\t\t\t\t\t\t\t\t\t\t\t\t\t\t\t\t\t\t\t\t\t\t\t\t<div class=\"pp-timeline-card-date\">\n\t\t\t\t\t\t\t\t\t\t\t24 October 2024\t\t\t\t\t\t\t\t\t\t<\/div>\n\t\t\t\t\t\t\t\t\t\t\t\t\t\t\t\t\t\t\t\t\t\t\t\t\t\t\t\t\t\t\t\t\t\t\t\t\t\t\t\t\t\t\t<h2 class=\"pp-timeline-card-title\">\n\t\t\t\t\t\t\t\t\t\tGuest lecture Dr. Rachel Murray\t\t\t\t\t\t\t\t\t<\/h2>\n\t\t\t\t\t\t\t\t\t\t\t\t\t\t\t<\/div>\n\t\t\t\t\t\t\t\t\t\t\t\t\t\t\t\t\t\t\t<div class=\"pp-timeline-card-content\">\n\t\t\t\t\t\t\t\t<p>The project has invited Dr. Rachel Murray from the University of Bristol for a standalone lecture entitled &#8220;Rockpools and Queer Attachments in Modernist Writing&#8221;. The lecture is now available under Project Output \/ Guest Lectures.<\/p>\t\t\t\t\t\t\t<\/div>\n\t\t\t\t\t\t\t\t\t\t\t<\/div>\n\t\t\t\t\t\t\t\t\t\t<\/a>\n\t\t\t\t\t\t\t\t\t<\/div>\n\n\t\t\t\t\t\t\t\t\t\t\t<div class=\"pp-timeline-marker-wrapper\">\n\t\t\t\n\t\t\t<div class=\"pp-timeline-marker\">\n\t\t\t\t\t\t\t\t\t\t<span class=\"pp-icon\">\n\t\t\t\t\t\t<i aria-hidden=\"true\" class=\"fas fa-calendar\"><\/i>\t\t\t\t\t\t<\/span>\n\t\t\t\t\t\t\t\t\t<\/div>\n\t\t<\/div>\n\t\t\t\t\t<div class=\"pp-timeline-card-date-wrapper\">\n\t\t\t\t\t\t\t\t\t<div class=\"pp-timeline-card-date\">\n\t\t\t\t\t\t24 October 2024\t\t\t\t\t<\/div>\n\t\t\t\t\t\t\t<\/div>\n\t\t\t\t\t\t\t\t\t\t\t<\/div>\n\t\t\t\t\t\t<div class=\"pp-timeline-item pp-timeline-item-left elementor-repeater-item-c3764b3 pp-timeline-item-hidden\">\n\t\t\t\t<div class=\"pp-timeline-card-wrapper\">\n\t\t\t\t\t\t\t\t\t\t\t\t\t\t\t<div class=\"pp-timeline-arrow\"><\/div>\n\t\t\t\t\t\t\t\t\t\t<div class=\"pp-timeline-card\">\n\t\t\t\t\t\t\t\t\t\t\t\t\t<div class=\"pp-timeline-card-image\">\n\t\t\t\t\t\t\t\t<img decoding=\"async\" width=\"724\" height=\"1024\" src=\"https:\/\/readingthebeach.unibe.ch\/wp-content\/uploads\/2024\/06\/Poster_Final3_Richter_Symposium-724x1024.png\" class=\"attachment-large size-large wp-image-2093\" alt=\"\" srcset=\"https:\/\/readingthebeach.unibe.ch\/wp-content\/uploads\/2024\/06\/Poster_Final3_Richter_Symposium-724x1024.png 724w, https:\/\/readingthebeach.unibe.ch\/wp-content\/uploads\/2024\/06\/Poster_Final3_Richter_Symposium-212x300.png 212w, https:\/\/readingthebeach.unibe.ch\/wp-content\/uploads\/2024\/06\/Poster_Final3_Richter_Symposium-768x1087.png 768w, https:\/\/readingthebeach.unibe.ch\/wp-content\/uploads\/2024\/06\/Poster_Final3_Richter_Symposium-1086x1536.png 1086w, https:\/\/readingthebeach.unibe.ch\/wp-content\/uploads\/2024\/06\/Poster_Final3_Richter_Symposium-1448x2048.png 1448w\" sizes=\"(max-width: 724px) 100vw, 724px\" \/>\t\t\t\t\t\t\t<\/div>\n\t\t\t\t\t\t\t\t\t\t\t\t\t\t\t\t\t\t\t<div class=\"pp-timeline-card-title-wrap\">\n\t\t\t\t\t\t\t\t\t\t\t\t\t\t\t\t\t\t\t\t\t\t\t\t\t\t\t<div class=\"pp-timeline-card-date\">\n\t\t\t\t\t\t\t\t\t\t\t6 &amp; 7 June 2024\t\t\t\t\t\t\t\t\t\t<\/div>\n\t\t\t\t\t\t\t\t\t\t\t\t\t\t\t\t\t\t\t\t\t\t\t\t\t\t\t\t\t\t\t\t\t\t\t\t\t\t\t\t\t\t\t<h2 class=\"pp-timeline-card-title\">\n\t\t\t\t\t\t\t\t\t\tHonorary Symposium for Virginia Richter\t\t\t\t\t\t\t\t\t<\/h2>\n\t\t\t\t\t\t\t\t\t\t\t\t\t\t\t<\/div>\n\t\t\t\t\t\t\t\t\t\t\t\t\t\t\t\t\t\t\t<div class=\"pp-timeline-card-content\">\n\t\t\t\t\t\t\t\t<p>Please join us for a symposium in honour of our project&#8217;s primary investigator, Prof. Dr Virginia Richter. As you can tell from the poster, it will be centred around blue and littoral studies, to which Virginia Richter has made many valuable contributions throughout her academic career. Moreover, we are planning to give a first look at our literary geographical atlas of the beach in the long 20th century, the digital humanities side of the project, on which we have been working for the past four years.<\/p><p>View the programme here: <a href=\"https:\/\/readingthebeach.unibe.ch\/wp-content\/uploads\/2024\/06\/Programme_Symposium_05-06-2024.pdf\">Programme_Symposium_05-06-2024<\/a>.<\/p>\t\t\t\t\t\t\t<\/div>\n\t\t\t\t\t\t\t\t\t\t\t<\/div>\n\t\t\t\t\t\t\t\t\t\t<\/a>\n\t\t\t\t\t\t\t\t\t<\/div>\n\n\t\t\t\t\t\t\t\t\t\t\t<div class=\"pp-timeline-marker-wrapper\">\n\t\t\t\n\t\t\t<div class=\"pp-timeline-marker\">\n\t\t\t\t\t\t\t\t\t\t<span class=\"pp-icon\">\n\t\t\t\t\t\t<i aria-hidden=\"true\" class=\"fas fa-calendar\"><\/i>\t\t\t\t\t\t<\/span>\n\t\t\t\t\t\t\t\t\t<\/div>\n\t\t<\/div>\n\t\t\t\t\t<div class=\"pp-timeline-card-date-wrapper\">\n\t\t\t\t\t\t\t\t\t<div class=\"pp-timeline-card-date\">\n\t\t\t\t\t\t6 &amp; 7 June 2024\t\t\t\t\t<\/div>\n\t\t\t\t\t\t\t<\/div>\n\t\t\t\t\t\t\t\t\t\t\t<\/div>\n\t\t\t\t\t\t<div class=\"pp-timeline-item pp-timeline-item-right elementor-repeater-item-2746e6c pp-timeline-item-hidden\">\n\t\t\t\t<div class=\"pp-timeline-card-wrapper\">\n\t\t\t\t\t\t\t\t\t\t\t\t\t\t\t<div class=\"pp-timeline-arrow\"><\/div>\n\t\t\t\t\t\t\t\t\t\t<div class=\"pp-timeline-card\">\n\t\t\t\t\t\t\t\t\t\t\t\t\t\t\t\t\t\t\t<div class=\"pp-timeline-card-title-wrap\">\n\t\t\t\t\t\t\t\t\t\t\t\t\t\t\t\t\t\t\t\t\t\t\t\t\t\t\t<div class=\"pp-timeline-card-date\">\n\t\t\t\t\t\t\t\t\t\t\t17 - 20 June 2024\t\t\t\t\t\t\t\t\t\t<\/div>\n\t\t\t\t\t\t\t\t\t\t\t\t\t\t\t\t\t\t\t\t\t\t\t\t\t\t\t\t\t\t\t\t\t\t\t\t\t\t\t\t\t\t\t<h2 class=\"pp-timeline-card-title\">\n\t\t\t\t\t\t\t\t\t\tPanel at EASLCE 2024\t\t\t\t\t\t\t\t\t<\/h2>\n\t\t\t\t\t\t\t\t\t\t\t\t\t\t\t<\/div>\n\t\t\t\t\t\t\t\t\t\t\t\t\t\t\t\t\t\t\t<div class=\"pp-timeline-card-content\">\n\t\t\t\t\t\t\t\t<div><p>Under the Title &#8220;Shifting Shores: Transition and Transformation in\/on the Literary Beach&#8221;, the project team will give a panel at this year&#8217;s conference of the European Association for the Study of Literature, Culture, and Environment.<\/p><\/div><div><p><b>Paper Titles and Presenters:<\/b>\u00a0<\/p><\/div><ol start=\"1\" data-listchain=\"__List_Chain_57\"><li><p>Dead End: Apocalypse and Regeneration on the Beach (Virgina Richter)\u00a0<\/p><\/li><li><p>Transformations in Littoral Space: Abjection, Dissolution, and Creativity in Novels about Violent Displacement (Ursula Kluwick)\u00a0<\/p><\/li><li><p>Islands of Time: Entangled Temporalities in Amy Liptrot\u2019s <i>The Outrun<\/i> (Gu\u00f0run \u00ed J\u00e1kupsstovu)\u00a0<\/p><\/li><li><p>Sealskins, Scales and Silken Hair: Transformability as Resistance in Merfolk Literature (Marion Troxler)\u00a0<\/p><\/li><\/ol>\t\t\t\t\t\t\t<\/div>\n\t\t\t\t\t\t\t\t\t\t\t<\/div>\n\t\t\t\t\t\t\t\t\t\t<\/a>\n\t\t\t\t\t\t\t\t\t<\/div>\n\n\t\t\t\t\t\t\t\t\t\t\t<div class=\"pp-timeline-marker-wrapper\">\n\t\t\t\n\t\t\t<div class=\"pp-timeline-marker\">\n\t\t\t\t\t\t\t\t\t\t<span class=\"pp-icon\">\n\t\t\t\t\t\t<i aria-hidden=\"true\" class=\"fas fa-calendar\"><\/i>\t\t\t\t\t\t<\/span>\n\t\t\t\t\t\t\t\t\t<\/div>\n\t\t<\/div>\n\t\t\t\t\t<div class=\"pp-timeline-card-date-wrapper\">\n\t\t\t\t\t\t\t\t\t<div class=\"pp-timeline-card-date\">\n\t\t\t\t\t\t17 - 20 June 2024\t\t\t\t\t<\/div>\n\t\t\t\t\t\t\t<\/div>\n\t\t\t\t\t\t\t\t\t\t\t<\/div>\n\t\t\t\t\t\t<div class=\"pp-timeline-item pp-timeline-item-left elementor-repeater-item-34dbafe pp-timeline-item-hidden\">\n\t\t\t\t<div class=\"pp-timeline-card-wrapper\">\n\t\t\t\t\t\t\t\t\t\t\t\t\t\t\t<div class=\"pp-timeline-arrow\"><\/div>\n\t\t\t\t\t\t\t\t\t\t<div class=\"pp-timeline-card\">\n\t\t\t\t\t\t\t\t\t\t\t\t\t\t\t\t\t\t\t<div class=\"pp-timeline-card-title-wrap\">\n\t\t\t\t\t\t\t\t\t\t\t\t\t\t\t\t\t\t\t\t\t\t\t\t\t\t\t<div class=\"pp-timeline-card-date\">\n\t\t\t\t\t\t\t\t\t\t\t6 &amp; 7 June 2024\t\t\t\t\t\t\t\t\t\t<\/div>\n\t\t\t\t\t\t\t\t\t\t\t\t\t\t\t\t\t\t\t\t\t\t\t\t\t\t\t\t\t\t\t\t\t\t\t\t\t\t\t\t\t\t\t<h2 class=\"pp-timeline-card-title\">\n\t\t\t\t\t\t\t\t\t\tSymposium \"A Million Atoms of Soft Blue\"\t\t\t\t\t\t\t\t\t<\/h2>\n\t\t\t\t\t\t\t\t\t\t\t\t\t\t\t<\/div>\n\t\t\t\t\t\t\t\t\t\t\t\t\t\t\t\t\t\t\t<div class=\"pp-timeline-card-content\">\n\t\t\t\t\t\t\t\t<p>In honour of our Primary Investigator, Prof. Dr Virginia Richter, the project team and the Department of English at the University of Bern, sponsored by the SNSF and the Irish Embassy, are hosting a symposium. The keynote speaker will be Prof. Dr John Brannigan from the University of Bristol. Get in touch with any of our project team if you would like to participate!<\/p>\t\t\t\t\t\t\t<\/div>\n\t\t\t\t\t\t\t\t\t\t\t<\/div>\n\t\t\t\t\t\t\t\t\t\t<\/a>\n\t\t\t\t\t\t\t\t\t<\/div>\n\n\t\t\t\t\t\t\t\t\t\t\t<div class=\"pp-timeline-marker-wrapper\">\n\t\t\t\n\t\t\t<div class=\"pp-timeline-marker\">\n\t\t\t\t\t\t\t\t\t\t<span class=\"pp-icon\">\n\t\t\t\t\t\t<i aria-hidden=\"true\" class=\"fas fa-calendar\"><\/i>\t\t\t\t\t\t<\/span>\n\t\t\t\t\t\t\t\t\t<\/div>\n\t\t<\/div>\n\t\t\t\t\t<div class=\"pp-timeline-card-date-wrapper\">\n\t\t\t\t\t\t\t\t\t<div class=\"pp-timeline-card-date\">\n\t\t\t\t\t\t6 &amp; 7 June 2024\t\t\t\t\t<\/div>\n\t\t\t\t\t\t\t<\/div>\n\t\t\t\t\t\t\t\t\t\t\t<\/div>\n\t\t\t\t\t\t<div class=\"pp-timeline-item pp-timeline-item-right elementor-repeater-item-e3ad098 pp-timeline-item-hidden\">\n\t\t\t\t<div class=\"pp-timeline-card-wrapper\">\n\t\t\t\t\t\t\t\t\t\t\t\t\t\t\t<div class=\"pp-timeline-arrow\"><\/div>\n\t\t\t\t\t\t\t\t\t\t<div class=\"pp-timeline-card\">\n\t\t\t\t\t\t\t\t\t\t\t\t\t\t\t\t\t\t\t<div class=\"pp-timeline-card-title-wrap\">\n\t\t\t\t\t\t\t\t\t\t\t\t\t\t\t\t\t\t\t\t\t\t\t\t\t\t\t<div class=\"pp-timeline-card-date\">\n\t\t\t\t\t\t\t\t\t\t\t26 April 2024\t\t\t\t\t\t\t\t\t\t<\/div>\n\t\t\t\t\t\t\t\t\t\t\t\t\t\t\t\t\t\t\t\t\t\t\t\t\t\t\t\t\t\t\t\t\t\t\t\t\t\t\t\t\t\t\t<h2 class=\"pp-timeline-card-title\">\n\t\t\t\t\t\t\t\t\t\tWorkshop Dr. Giulia Champion\t\t\t\t\t\t\t\t\t<\/h2>\n\t\t\t\t\t\t\t\t\t\t\t\t\t\t\t<\/div>\n\t\t\t\t\t\t\t\t\t\t\t\t\t\t\t\t\t\t\t<div class=\"pp-timeline-card-content\">\n\t\t\t\t\t\t\t\t<p>Marion Troxler and Gu\u00f0run \u00ed J\u00e1kupsstovu are organising a BA workshop on &#8220;Thinking with the Seabed&#8221; this Spring, and have invited Dr. Giulia Champion to hold it. Dr. Champion is currently an Anniversary Research Fellow at the University of Southampton, and is co-leading the RSE-funded project &#8220;Scottish Shores: Gothic Coastal Environments&#8221; alongside Dr. Emily Alder. Her workshop will investigate littoral workspaces underwater, under the title of &#8220;Thinking with the Seabed &amp; the Speculative Infrastructures of Deep-Sea Mining&#8221;.<br \/>The workshop will take place on the 26 April 2024, from 9.15 am-4pm and will unfortunately only allow for in-person attendance.<\/p>\t\t\t\t\t\t\t<\/div>\n\t\t\t\t\t\t\t\t\t\t\t<\/div>\n\t\t\t\t\t\t\t\t\t\t<\/a>\n\t\t\t\t\t\t\t\t\t<\/div>\n\n\t\t\t\t\t\t\t\t\t\t\t<div class=\"pp-timeline-marker-wrapper\">\n\t\t\t\n\t\t\t<div class=\"pp-timeline-marker\">\n\t\t\t\t\t\t\t\t\t\t<span class=\"pp-icon\">\n\t\t\t\t\t\t<i aria-hidden=\"true\" class=\"fas fa-calendar\"><\/i>\t\t\t\t\t\t<\/span>\n\t\t\t\t\t\t\t\t\t<\/div>\n\t\t<\/div>\n\t\t\t\t\t<div class=\"pp-timeline-card-date-wrapper\">\n\t\t\t\t\t\t\t\t\t<div class=\"pp-timeline-card-date\">\n\t\t\t\t\t\t26 April 2024\t\t\t\t\t<\/div>\n\t\t\t\t\t\t\t<\/div>\n\t\t\t\t\t\t\t\t\t\t\t<\/div>\n\t\t\t\t\t\t<div class=\"pp-timeline-item pp-timeline-item-left elementor-repeater-item-acaddc3 pp-timeline-item-hidden\">\n\t\t\t\t<div class=\"pp-timeline-card-wrapper\">\n\t\t\t\t\t\t\t\t\t\t\t\t\t\t\t<div class=\"pp-timeline-arrow\"><\/div>\n\t\t\t\t\t\t\t\t\t\t<div class=\"pp-timeline-card\">\n\t\t\t\t\t\t\t\t\t\t\t\t\t\t\t\t\t\t\t<div class=\"pp-timeline-card-title-wrap\">\n\t\t\t\t\t\t\t\t\t\t\t\t\t\t\t\t\t\t\t\t\t\t\t\t\t\t\t<div class=\"pp-timeline-card-date\">\n\t\t\t\t\t\t\t\t\t\t\t18 April 2024\t\t\t\t\t\t\t\t\t\t<\/div>\n\t\t\t\t\t\t\t\t\t\t\t\t\t\t\t\t\t\t\t\t\t\t\t\t\t\t\t\t\t\t\t\t\t\t\t\t\t\t\t\t\t\t\t<h2 class=\"pp-timeline-card-title\">\n\t\t\t\t\t\t\t\t\t\tGuest Lecture Dr Joan Passey\t\t\t\t\t\t\t\t\t<\/h2>\n\t\t\t\t\t\t\t\t\t\t\t\t\t\t\t<\/div>\n\t\t\t\t\t\t\t\t\t\t\t\t\t\t\t\t\t\t\t<div class=\"pp-timeline-card-content\">\n\t\t\t\t\t\t\t\t<p>Dr Joan Passey from the University of Bristol will give a guest lecture on &#8220;Queer Ecologies of the Coastline&#8221;, which you are welcome to attend in person at The Unitobler Campus in room F 021, or watch at a later stage, under <a href=\"https:\/\/readingthebeach.unibe.ch\/?page_id=1535\">Project Output \/ Guest Lectures<\/a>.<\/p>\t\t\t\t\t\t\t<\/div>\n\t\t\t\t\t\t\t\t\t\t\t<\/div>\n\t\t\t\t\t\t\t\t\t\t<\/a>\n\t\t\t\t\t\t\t\t\t<\/div>\n\n\t\t\t\t\t\t\t\t\t\t\t<div class=\"pp-timeline-marker-wrapper\">\n\t\t\t\n\t\t\t<div class=\"pp-timeline-marker\">\n\t\t\t\t\t\t\t\t\t\t<span class=\"pp-icon\">\n\t\t\t\t\t\t<i aria-hidden=\"true\" class=\"fas fa-calendar\"><\/i>\t\t\t\t\t\t<\/span>\n\t\t\t\t\t\t\t\t\t<\/div>\n\t\t<\/div>\n\t\t\t\t\t<div class=\"pp-timeline-card-date-wrapper\">\n\t\t\t\t\t\t\t\t\t<div class=\"pp-timeline-card-date\">\n\t\t\t\t\t\t18 April 2024\t\t\t\t\t<\/div>\n\t\t\t\t\t\t\t<\/div>\n\t\t\t\t\t\t\t\t\t\t\t<\/div>\n\t\t\t\t\t\t<div class=\"pp-timeline-item pp-timeline-item-right elementor-repeater-item-e8551a3 pp-timeline-item-hidden\">\n\t\t\t\t<div class=\"pp-timeline-card-wrapper\">\n\t\t\t\t\t\t\t\t\t\t\t\t\t\t\t<div class=\"pp-timeline-arrow\"><\/div>\n\t\t\t\t\t\t\t\t\t\t<div class=\"pp-timeline-card\">\n\t\t\t\t\t\t\t\t\t\t\t\t\t\t\t\t\t\t\t<div class=\"pp-timeline-card-title-wrap\">\n\t\t\t\t\t\t\t\t\t\t\t\t\t\t\t\t\t\t\t\t\t\t\t\t\t\t\t<div class=\"pp-timeline-card-date\">\n\t\t\t\t\t\t\t\t\t\t\t27 November 2023\t\t\t\t\t\t\t\t\t\t<\/div>\n\t\t\t\t\t\t\t\t\t\t\t\t\t\t\t\t\t\t\t\t\t\t\t\t\t\t\t\t\t\t\t\t\t\t\t\t\t\t\t\t\t\t\t<h2 class=\"pp-timeline-card-title\">\n\t\t\t\t\t\t\t\t\t\tGuest Lecture Prof. Helga Ramsey-Kurz \t\t\t\t\t\t\t\t\t<\/h2>\n\t\t\t\t\t\t\t\t\t\t\t\t\t\t\t<\/div>\n\t\t\t\t\t\t\t\t\t\t\t\t\t\t\t\t\t\t\t<div class=\"pp-timeline-card-content\">\n\t\t\t\t\t\t\t\t<p>Ursula Kluwick has invited Prof. Helga Ramsey-Kurz (University of\u00a0Innsbruck) to give a guest lecture as part of an MA seminar entitled &#8220;Why Literature? Aims and Uses of Literature and Literary Studies&#8221;. <br \/>Her topic will be migration and refugee literature, especially the project <a title=\"https:\/\/www.uibk.ac.at\/anglistik\/arena\/\" contenteditable=\"false\" href=\"https:\/\/www.uibk.ac.at\/anglistik\/arena\/\">ARENA<\/a>, which she has created to bring together students and refugees in an effort to collaboratively\u00a0write stories of migration. As the sea-route is still chosen by migrants seeking refuge, littoral spaces feature as frequent and important settings.<br \/>The talk will take place on the\u00a027 November 2023, from 4-6pm.\u00a0Watch this space for announcements regarding the possibility to attend the talk remotely.\u00a0<\/p>\t\t\t\t\t\t\t<\/div>\n\t\t\t\t\t\t\t\t\t\t\t<\/div>\n\t\t\t\t\t\t\t\t\t\t<\/a>\n\t\t\t\t\t\t\t\t\t<\/div>\n\n\t\t\t\t\t\t\t\t\t\t\t<div class=\"pp-timeline-marker-wrapper\">\n\t\t\t\n\t\t\t<div class=\"pp-timeline-marker\">\n\t\t\t\t\t\t\t\t\t\t<span class=\"pp-icon\">\n\t\t\t\t\t\t<i aria-hidden=\"true\" class=\"fas fa-calendar\"><\/i>\t\t\t\t\t\t<\/span>\n\t\t\t\t\t\t\t\t\t<\/div>\n\t\t<\/div>\n\t\t\t\t\t<div class=\"pp-timeline-card-date-wrapper\">\n\t\t\t\t\t\t\t\t\t<div class=\"pp-timeline-card-date\">\n\t\t\t\t\t\t27 November 2023\t\t\t\t\t<\/div>\n\t\t\t\t\t\t\t<\/div>\n\t\t\t\t\t\t\t\t\t\t\t<\/div>\n\t\t\t\t\t\t<div class=\"pp-timeline-item pp-timeline-item-left elementor-repeater-item-fe637c0 pp-timeline-item-hidden\">\n\t\t\t\t<div class=\"pp-timeline-card-wrapper\">\n\t\t\t\t\t\t\t\t\t\t\t\t\t\t\t<div class=\"pp-timeline-arrow\"><\/div>\n\t\t\t\t\t\t\t\t\t\t<div class=\"pp-timeline-card\">\n\t\t\t\t\t\t\t\t\t\t\t\t\t\t\t\t\t\t\t<div class=\"pp-timeline-card-title-wrap\">\n\t\t\t\t\t\t\t\t\t\t\t\t\t\t\t\t\t\t\t\t\t\t\t\t\t\t\t<div class=\"pp-timeline-card-date\">\n\t\t\t\t\t\t\t\t\t\t\t24 May 2023\t\t\t\t\t\t\t\t\t\t<\/div>\n\t\t\t\t\t\t\t\t\t\t\t\t\t\t\t\t\t\t\t\t\t\t\t\t\t\t\t\t\t\t\t\t\t\t\t\t\t\t\t\t\t\t\t<h2 class=\"pp-timeline-card-title\">\n\t\t\t\t\t\t\t\t\t\tTalk at Seminar \"Seas and Shores in Literature and Culture\"\t\t\t\t\t\t\t\t\t<\/h2>\n\t\t\t\t\t\t\t\t\t\t\t\t\t\t\t<\/div>\n\t\t\t\t\t\t\t\t\t\t\t\t\t\t\t\t\t\t\t<div class=\"pp-timeline-card-content\">\n\t\t\t\t\t\t\t\t<p>Marion Troxler, the newest addition to our team, will be presenting her project as part of the seminar &#8216;Seas and Shores in Literature and Culture&#8217;, which is given by the Haunted Shores Project at Edinburgh Napier University. Her talk will be titled\u00a0\u2018Shifting Shores and Metamorphic Merfolk: Transformability as Resistance in Mermaid and Selkie Literature of the 20<sup>th<\/sup>-21<sup>st<\/sup>\u00a0centuries.\u2019<br \/>You can find more information on how to join the seminar online or in person on <a href=\"https:\/\/haunted-shores.com\/seas-and-shores-in-literature-and-culture\/\">the project website<\/a>.<\/p>\t\t\t\t\t\t\t<\/div>\n\t\t\t\t\t\t\t\t\t\t\t<\/div>\n\t\t\t\t\t\t\t\t\t\t<\/a>\n\t\t\t\t\t\t\t\t\t<\/div>\n\n\t\t\t\t\t\t\t\t\t\t\t<div class=\"pp-timeline-marker-wrapper\">\n\t\t\t\n\t\t\t<div class=\"pp-timeline-marker\">\n\t\t\t\t\t\t\t\t\t\t<span class=\"pp-icon\">\n\t\t\t\t\t\t<i aria-hidden=\"true\" class=\"fas fa-calendar\"><\/i>\t\t\t\t\t\t<\/span>\n\t\t\t\t\t\t\t\t\t<\/div>\n\t\t<\/div>\n\t\t\t\t\t<div class=\"pp-timeline-card-date-wrapper\">\n\t\t\t\t\t\t\t\t\t<div class=\"pp-timeline-card-date\">\n\t\t\t\t\t\t24 May 2023\t\t\t\t\t<\/div>\n\t\t\t\t\t\t\t<\/div>\n\t\t\t\t\t\t\t\t\t\t\t<\/div>\n\t\t\t\t\t\t<div class=\"pp-timeline-item pp-timeline-item-right elementor-repeater-item-1533e20 pp-timeline-item-hidden\">\n\t\t\t\t<div class=\"pp-timeline-card-wrapper\">\n\t\t\t\t\t\t\t\t\t\t\t\t\t\t\t<div class=\"pp-timeline-arrow\"><\/div>\n\t\t\t\t\t\t\t\t\t\t<div class=\"pp-timeline-card\">\n\t\t\t\t\t\t\t\t\t\t\t\t\t\t\t\t\t\t\t<div class=\"pp-timeline-card-title-wrap\">\n\t\t\t\t\t\t\t\t\t\t\t\t\t\t\t\t\t\t\t\t\t\t\t\t\t\t\t<div class=\"pp-timeline-card-date\">\n\t\t\t\t\t\t\t\t\t\t\t01 December 2022\t\t\t\t\t\t\t\t\t\t<\/div>\n\t\t\t\t\t\t\t\t\t\t\t\t\t\t\t\t\t\t\t\t\t\t\t\t\t\t\t\t\t\t\t\t\t\t\t\t\t\t\t\t\t\t\t<h2 class=\"pp-timeline-card-title\">\n\t\t\t\t\t\t\t\t\t\tWebinar \"The Blue Humanities\"\t\t\t\t\t\t\t\t\t<\/h2>\n\t\t\t\t\t\t\t\t\t\t\t\t\t\t\t<\/div>\n\t\t\t\t\t\t\t\t\t\t\t\t\t\t\t\t\t\t\t<div class=\"pp-timeline-card-content\">\n\t\t\t\t\t\t\t\t<p>As the northern hemisphere is moving into the season of frozen water, PD Dr. Ursula Kluwick will be hosting a Webinar on &#8220;The Blue Humanities: Aquatic Materialisations Beyond the Sea.&#8221;<br \/>If you would like to partake in the discussion on this recent development in the blue humanities, <a href=\"https:\/\/www.easlce.eu\/easlce-webinar-the-blue-humanities-aquatic-materialisations-beyond-the-sea\/\">sign up on the EASLCE website<\/a>.<\/p>\t\t\t\t\t\t\t<\/div>\n\t\t\t\t\t\t\t\t\t\t\t<\/div>\n\t\t\t\t\t\t\t\t\t\t<\/a>\n\t\t\t\t\t\t\t\t\t<\/div>\n\n\t\t\t\t\t\t\t\t\t\t\t<div class=\"pp-timeline-marker-wrapper\">\n\t\t\t\n\t\t\t<div class=\"pp-timeline-marker\">\n\t\t\t\t\t\t\t\t\t\t<span class=\"pp-icon\">\n\t\t\t\t\t\t<i aria-hidden=\"true\" class=\"fas fa-calendar\"><\/i>\t\t\t\t\t\t<\/span>\n\t\t\t\t\t\t\t\t\t<\/div>\n\t\t<\/div>\n\t\t\t\t\t<div class=\"pp-timeline-card-date-wrapper\">\n\t\t\t\t\t\t\t\t\t<div class=\"pp-timeline-card-date\">\n\t\t\t\t\t\t01 December 2022\t\t\t\t\t<\/div>\n\t\t\t\t\t\t\t<\/div>\n\t\t\t\t\t\t\t\t\t\t\t<\/div>\n\t\t\t\t\t\t<div class=\"pp-timeline-item pp-timeline-item-left elementor-repeater-item-aac927c pp-timeline-item-hidden\">\n\t\t\t\t<div class=\"pp-timeline-card-wrapper\">\n\t\t\t\t\t\t\t\t\t\t\t\t\t\t\t<div class=\"pp-timeline-arrow\"><\/div>\n\t\t\t\t\t\t\t\t\t\t<div class=\"pp-timeline-card\">\n\t\t\t\t\t\t\t\t\t\t\t\t\t\t\t\t\t\t\t<div class=\"pp-timeline-card-title-wrap\">\n\t\t\t\t\t\t\t\t\t\t\t\t\t\t\t\t\t\t\t\t\t\t\t\t\t\t\t<div class=\"pp-timeline-card-date\">\n\t\t\t\t\t\t\t\t\t\t\t22 November 2022\t\t\t\t\t\t\t\t\t\t<\/div>\n\t\t\t\t\t\t\t\t\t\t\t\t\t\t\t\t\t\t\t\t\t\t\t\t\t\t\t\t\t\t\t\t\t\t\t\t\t\t\t\t\t\t\t<h2 class=\"pp-timeline-card-title\">\n\t\t\t\t\t\t\t\t\t\tGuest Lecture Dr. Katie Ritson\t\t\t\t\t\t\t\t\t<\/h2>\n\t\t\t\t\t\t\t\t\t\t\t\t\t\t\t<\/div>\n\t\t\t\t\t\t\t\t\t\t\t\t\t\t\t\t\t\t\t<div class=\"pp-timeline-card-content\">\n\t\t\t\t\t\t\t\t<p>As part of her seminar &#8220;&#8216;System Change, Not Climate change&#8217;: The Rise of Cli-Fi.&#8221;, Gu\u00f0run \u00ed J\u00e1kupsstovu,\u00a0and the rest of the project team, are welcoming Dr. Katie Ritson as a guest lecturer. She will be giving a talk surrounding Doggerland, the now sunken area of land between the British Isles and the Scandinavian nations, in literature.\u00a0<\/p>\t\t\t\t\t\t\t<\/div>\n\t\t\t\t\t\t\t\t\t\t\t<\/div>\n\t\t\t\t\t\t\t\t\t\t<\/a>\n\t\t\t\t\t\t\t\t\t<\/div>\n\n\t\t\t\t\t\t\t\t\t\t\t<div class=\"pp-timeline-marker-wrapper\">\n\t\t\t\n\t\t\t<div class=\"pp-timeline-marker\">\n\t\t\t\t\t\t\t\t\t\t<span class=\"pp-icon\">\n\t\t\t\t\t\t<i aria-hidden=\"true\" class=\"fas fa-calendar\"><\/i>\t\t\t\t\t\t<\/span>\n\t\t\t\t\t\t\t\t\t<\/div>\n\t\t<\/div>\n\t\t\t\t\t<div class=\"pp-timeline-card-date-wrapper\">\n\t\t\t\t\t\t\t\t\t<div class=\"pp-timeline-card-date\">\n\t\t\t\t\t\t22 November 2022\t\t\t\t\t<\/div>\n\t\t\t\t\t\t\t<\/div>\n\t\t\t\t\t\t\t\t\t\t\t<\/div>\n\t\t\t\t\t\t<div class=\"pp-timeline-item pp-timeline-item-right elementor-repeater-item-19abbc2 pp-timeline-item-hidden\">\n\t\t\t\t<div class=\"pp-timeline-card-wrapper\">\n\t\t\t\t\t\t\t\t\t\t\t\t\t\t\t<div class=\"pp-timeline-arrow\"><\/div>\n\t\t\t\t\t\t\t\t\t\t<div class=\"pp-timeline-card\">\n\t\t\t\t\t\t\t\t\t\t\t\t\t\t\t\t\t\t\t<div class=\"pp-timeline-card-title-wrap\">\n\t\t\t\t\t\t\t\t\t\t\t\t\t\t\t\t\t\t\t\t\t\t\t\t\t\t\t<div class=\"pp-timeline-card-date\">\n\t\t\t\t\t\t\t\t\t\t\t23 Mai 2022\t\t\t\t\t\t\t\t\t\t<\/div>\n\t\t\t\t\t\t\t\t\t\t\t\t\t\t\t\t\t\t\t\t\t\t\t\t\t\t\t\t\t\t\t\t\t\t\t\t\t\t\t\t\t\t\t<h2 class=\"pp-timeline-card-title\">\n\t\t\t\t\t\t\t\t\t\tGuest Lecture Dr. Huma Yaqub\t\t\t\t\t\t\t\t\t<\/h2>\n\t\t\t\t\t\t\t\t\t\t\t\t\t\t\t<\/div>\n\t\t\t\t\t\t\t\t\t\t\t\t\t\t\t\t\t\t\t<div class=\"pp-timeline-card-content\">\n\t\t\t\t\t\t\t\t<p><span class=\"TextRun SCXW110757199 BCX4\" lang=\"EN-GB\" xml:lang=\"EN-GB\" data-contrast=\"auto\"><span class=\"NormalTextRun SpellingErrorV2Themed SCXW110757199 BCX4\">Dr.<\/span><span class=\"NormalTextRun SCXW110757199 BCX4\"> Huma Yaqub, coming to Bern to work on her SNSF project, that takes a look at<\/span><\/span>\u00a0select Indian and Swiss Novels through the lense of the blue humanities, gave a guest lecture presenting her insights into some of those texts. The lecture was titled \u00a0&#8220;<a href=\"https:\/\/readingthebeach.unibe.ch\/wp-content\/uploads\/2022\/07\/Huma-Yaqub-Between-Ebb-and-Flow-Agency-of-Water-Politics-and-Environmental-Justice.pdf\">Between Ebb and Flow Agency of Water, Politics and Environmental Justice<\/a>.&#8221;<\/p>\t\t\t\t\t\t\t<\/div>\n\t\t\t\t\t\t\t\t\t\t\t<\/div>\n\t\t\t\t\t\t\t\t\t\t<\/a>\n\t\t\t\t\t\t\t\t\t<\/div>\n\n\t\t\t\t\t\t\t\t\t\t\t<div class=\"pp-timeline-marker-wrapper\">\n\t\t\t\n\t\t\t<div class=\"pp-timeline-marker\">\n\t\t\t\t\t\t\t\t\t\t<span class=\"pp-icon\">\n\t\t\t\t\t\t<i aria-hidden=\"true\" class=\"fas fa-calendar\"><\/i>\t\t\t\t\t\t<\/span>\n\t\t\t\t\t\t\t\t\t<\/div>\n\t\t<\/div>\n\t\t\t\t\t<div class=\"pp-timeline-card-date-wrapper\">\n\t\t\t\t\t\t\t\t\t<div class=\"pp-timeline-card-date\">\n\t\t\t\t\t\t23 Mai 2022\t\t\t\t\t<\/div>\n\t\t\t\t\t\t\t<\/div>\n\t\t\t\t\t\t\t\t\t\t\t<\/div>\n\t\t\t\t\t\t<div class=\"pp-timeline-item pp-timeline-item-left elementor-repeater-item-72c098a pp-timeline-item-hidden\">\n\t\t\t\t<div class=\"pp-timeline-card-wrapper\">\n\t\t\t\t\t\t\t\t\t\t\t\t\t\t\t<div class=\"pp-timeline-arrow\"><\/div>\n\t\t\t\t\t\t\t\t\t\t<div class=\"pp-timeline-card\">\n\t\t\t\t\t\t\t\t\t\t\t\t\t\t\t\t\t\t\t<div class=\"pp-timeline-card-title-wrap\">\n\t\t\t\t\t\t\t\t\t\t\t\t\t\t\t\t\t\t\t\t\t\t\t\t\t\t\t<div class=\"pp-timeline-card-date\">\n\t\t\t\t\t\t\t\t\t\t\t5 Mai 2022\t\t\t\t\t\t\t\t\t\t<\/div>\n\t\t\t\t\t\t\t\t\t\t\t\t\t\t\t\t\t\t\t\t\t\t\t\t\t\t\t\t\t\t\t\t\t\t\t\t\t\t\t\t\t\t\t<h2 class=\"pp-timeline-card-title\">\n\t\t\t\t\t\t\t\t\t\tMA-Workshop: Beyond Salt Water: Ice, Humidity, and Human Bodies of Water\t\t\t\t\t\t\t\t\t<\/h2>\n\t\t\t\t\t\t\t\t\t\t\t\t\t\t\t<\/div>\n\t\t\t\t\t\t\t\t\t\t\t\t\t\t\t\t\t\t\t<div class=\"pp-timeline-card-content\">\n\t\t\t\t\t\t\t\t<p><span class=\"TextRun SCXW110757199 BCX4\" lang=\"EN-GB\" xml:lang=\"EN-GB\" data-contrast=\"auto\"><span class=\"NormalTextRun SCXW110757199 BCX4\">The project has invited Prof. Steve Mentz to hold a workshop for MA students about Blue Spaces that are not the ocean. After hearing from the Project\u2019s own researchers, as well as from visiting scholar <\/span><span class=\"NormalTextRun SpellingErrorV2Themed SCXW110757199 BCX4\">Dr.<\/span><span class=\"NormalTextRun SCXW110757199 BCX4\"> Huma Yaqub, abou<\/span><span class=\"NormalTextRun SCXW110757199 BCX4\">t their projects, the students will present the results of the writing task \u201cTiny Ecologies\u201d, as inspired by Jeffrey Jerome Cohen\u2019s ASLE teaching <\/span><span class=\"NormalTextRun SpellingErrorV2Themed SCXW110757199 BCX4\">Ressource<\/span><span class=\"NormalTextRun SCXW110757199 BCX4\">, \u201cTiny Ecology\u201d. <\/span><\/span><a class=\"Hyperlink SCXW110757199 BCX4\" href=\"https:\/\/www.asle.org\/teaching_resources\/tiny-ecology\/\" target=\"_blank\" rel=\"noreferrer noopener\"><span class=\"TextRun Underlined SCXW110757199 BCX4\" lang=\"EN-GB\" xml:lang=\"EN-GB\" data-contrast=\"none\"><span class=\"NormalTextRun SCXW110757199 BCX4\" data-ccp-charstyle=\"Hyperlink\">https:\/\/www.asle.org\/teaching_resources\/tiny-ecology\/<\/span><\/span><\/a><span class=\"EOP SCXW110757199 BCX4\" data-ccp-props=\"{&quot;201341983&quot;:0,&quot;335551550&quot;:1,&quot;335551620&quot;:1,&quot;335559739&quot;:160,&quot;335559740&quot;:259}\">\u00a0<\/span><\/p>\t\t\t\t\t\t\t<\/div>\n\t\t\t\t\t\t\t\t\t\t\t<\/div>\n\t\t\t\t\t\t\t\t\t\t<\/a>\n\t\t\t\t\t\t\t\t\t<\/div>\n\n\t\t\t\t\t\t\t\t\t\t\t<div class=\"pp-timeline-marker-wrapper\">\n\t\t\t\n\t\t\t<div class=\"pp-timeline-marker\">\n\t\t\t\t\t\t\t\t\t\t<span class=\"pp-icon\">\n\t\t\t\t\t\t<i aria-hidden=\"true\" class=\"fas fa-calendar\"><\/i>\t\t\t\t\t\t<\/span>\n\t\t\t\t\t\t\t\t\t<\/div>\n\t\t<\/div>\n\t\t\t\t\t<div class=\"pp-timeline-card-date-wrapper\">\n\t\t\t\t\t\t\t\t\t<div class=\"pp-timeline-card-date\">\n\t\t\t\t\t\t5 Mai 2022\t\t\t\t\t<\/div>\n\t\t\t\t\t\t\t<\/div>\n\t\t\t\t\t\t\t\t\t\t\t<\/div>\n\t\t\t\t\t\t<div class=\"pp-timeline-item pp-timeline-item-right elementor-repeater-item-5eeb4b9 pp-timeline-item-hidden\">\n\t\t\t\t<div class=\"pp-timeline-card-wrapper\">\n\t\t\t\t\t\t\t\t\t\t<a href=\"https:\/\/readingthebeach.unibe.ch\/wp-content\/uploads\/2022\/05\/Guest-Lecture_Prof-Steve-Mentz_Oeans-Seas-Islands-Beaches_Toward-a-Poetics-of-Scale-and-Encounter-in-the-Blue-Humanities.mp4\">\n\t\t\t\t\t\t\t\t\t\t\t\t\t\t\t<div class=\"pp-timeline-arrow\"><\/div>\n\t\t\t\t\t\t\t\t\t\t<div class=\"pp-timeline-card\">\n\t\t\t\t\t\t\t\t\t\t\t\t\t<div class=\"pp-timeline-card-image\">\n\t\t\t\t\t\t\t\t<img decoding=\"async\" width=\"800\" height=\"533\" src=\"https:\/\/readingthebeach.unibe.ch\/wp-content\/uploads\/2022\/05\/Mentz_Play.png\" class=\"attachment-large size-large wp-image-1517\" alt=\"\" srcset=\"https:\/\/readingthebeach.unibe.ch\/wp-content\/uploads\/2022\/05\/Mentz_Play.png 990w, https:\/\/readingthebeach.unibe.ch\/wp-content\/uploads\/2022\/05\/Mentz_Play-300x200.png 300w, https:\/\/readingthebeach.unibe.ch\/wp-content\/uploads\/2022\/05\/Mentz_Play-768x512.png 768w\" sizes=\"(max-width: 800px) 100vw, 800px\" \/>\t\t\t\t\t\t\t<\/div>\n\t\t\t\t\t\t\t\t\t\t\t\t\t\t\t\t\t\t\t<div class=\"pp-timeline-card-title-wrap\">\n\t\t\t\t\t\t\t\t\t\t\t\t\t\t\t\t\t\t\t\t\t\t\t\t\t\t\t<div class=\"pp-timeline-card-date\">\n\t\t\t\t\t\t\t\t\t\t\t4 May 2022\t\t\t\t\t\t\t\t\t\t<\/div>\n\t\t\t\t\t\t\t\t\t\t\t\t\t\t\t\t\t\t\t\t\t\t\t\t\t\t\t\t\t\t\t\t\t\t\t\t\t\t\t\t\t\t\t<h2 class=\"pp-timeline-card-title\">\n\t\t\t\t\t\t\t\t\t\tGuest Lecture Prof. Steven Mentz\t\t\t\t\t\t\t\t\t<\/h2>\n\t\t\t\t\t\t\t\t\t\t\t\t\t\t\t<\/div>\n\t\t\t\t\t\t\t\t\t\t\t\t\t\t\t\t\t\t\t<div class=\"pp-timeline-card-content\">\n\t\t\t\t\t\t\t\t<p>As part of the Lecture Series &#8220;On the Waterfront&#8221;, the project welcomed Prof. Dr. Steven Mentz as a guest lecturer.<br \/>You can now watch his lecture entitled &#8220;Oceans, Seas, Islands, Beaches: Toward a Poetics of Scale and Encounter in the Blue Humanities&#8221;, by clicking on the picture above, or under <a href=\"https:\/\/readingthebeach.unibe.ch\/?page_id=1535\">Project Output \/ Guest Lectures<\/a>.<\/p>\t\t\t\t\t\t\t<\/div>\n\t\t\t\t\t\t\t\t\t\t\t<\/div>\n\t\t\t\t\t\t\t\t\t\t<\/a>\n\t\t\t\t\t\t\t\t\t<\/div>\n\n\t\t\t\t\t\t\t\t\t\t\t<div class=\"pp-timeline-marker-wrapper\">\n\t\t\t\n\t\t\t<div class=\"pp-timeline-marker\">\n\t\t\t\t\t\t\t\t\t\t<span class=\"pp-icon\">\n\t\t\t\t\t\t<i aria-hidden=\"true\" class=\"fas fa-calendar\"><\/i>\t\t\t\t\t\t<\/span>\n\t\t\t\t\t\t\t\t\t<\/div>\n\t\t<\/div>\n\t\t\t\t\t<div class=\"pp-timeline-card-date-wrapper\">\n\t\t\t\t\t\t\t\t\t<div class=\"pp-timeline-card-date\">\n\t\t\t\t\t\t4 May 2022\t\t\t\t\t<\/div>\n\t\t\t\t\t\t\t<\/div>\n\t\t\t\t\t\t\t\t\t\t\t<\/div>\n\t\t\t\t\t\t<div class=\"pp-timeline-item pp-timeline-item-left elementor-repeater-item-0fa5908 pp-timeline-item-hidden\">\n\t\t\t\t<div class=\"pp-timeline-card-wrapper\">\n\t\t\t\t\t\t\t\t\t\t\t\t\t\t\t<div class=\"pp-timeline-arrow\"><\/div>\n\t\t\t\t\t\t\t\t\t\t<div class=\"pp-timeline-card\">\n\t\t\t\t\t\t\t\t\t\t\t\t\t\t\t\t\t\t\t<div class=\"pp-timeline-card-title-wrap\">\n\t\t\t\t\t\t\t\t\t\t\t\t\t\t\t\t\t\t\t\t\t\t\t\t\t\t\t<div class=\"pp-timeline-card-date\">\n\t\t\t\t\t\t\t\t\t\t\tApril 2022\t\t\t\t\t\t\t\t\t\t<\/div>\n\t\t\t\t\t\t\t\t\t\t\t\t\t\t\t\t\t\t\t\t\t\t\t\t\t\t\t\t\t\t\t\t\t\t\t\t\t\t\t\t\t\t\t<h2 class=\"pp-timeline-card-title\">\n\t\t\t\t\t\t\t\t\t\tSpecial Issue\t\t\t\t\t\t\t\t\t<\/h2>\n\t\t\t\t\t\t\t\t\t\t\t\t\t\t\t<\/div>\n\t\t\t\t\t\t\t\t\t\t\t\t\t\t\t\t\t\t\t<div class=\"pp-timeline-card-content\">\n\t\t\t\t\t\t\t\t<p><span data-contrast=\"auto\">Ariane de Waal and Ursula Kluwick have co-edited a <a href=\"https:\/\/www.tandfonline.com\/toc\/neje20\/current\">special issue on &#8220;Victorian Materialisms&#8221; for the European Journal of English Studies<\/a>\u00a0<\/span><\/p><p><span data-contrast=\"auto\">See their introduction: <\/span><a href=\"https:\/\/doi.org\/10.1080\/13825577.2022.2044143\"><span data-contrast=\"none\">https:\/\/doi.org\/10.1080\/13825577.2022.2044143<\/span><\/a><span data-contrast=\"auto\"> (Open Access until June 2022!)<\/span><span data-ccp-props=\"{\">\u00a0<\/span><\/p><p><span data-contrast=\"auto\">For new littoral research, see Ann Garascia&#8217;s article on archiving oceanic memory in this special issue: <\/span><a href=\"https:\/\/doi.org\/10.1080\/13825577.2022.2044153\"><span data-contrast=\"none\">https:\/\/doi.org\/10.1080\/13825577.2022.2044153<\/span><\/a><span data-ccp-props=\"{\">\u00a0<\/span><\/p>\t\t\t\t\t\t\t<\/div>\n\t\t\t\t\t\t\t\t\t\t\t<\/div>\n\t\t\t\t\t\t\t\t\t\t<\/a>\n\t\t\t\t\t\t\t\t\t<\/div>\n\n\t\t\t\t\t\t\t\t\t\t\t<div class=\"pp-timeline-marker-wrapper\">\n\t\t\t\n\t\t\t<div class=\"pp-timeline-marker\">\n\t\t\t\t\t\t\t\t\t\t<span class=\"pp-icon\">\n\t\t\t\t\t\t<i aria-hidden=\"true\" class=\"fas fa-calendar\"><\/i>\t\t\t\t\t\t<\/span>\n\t\t\t\t\t\t\t\t\t<\/div>\n\t\t<\/div>\n\t\t\t\t\t<div class=\"pp-timeline-card-date-wrapper\">\n\t\t\t\t\t\t\t\t\t<div class=\"pp-timeline-card-date\">\n\t\t\t\t\t\tApril 2022\t\t\t\t\t<\/div>\n\t\t\t\t\t\t\t<\/div>\n\t\t\t\t\t\t\t\t\t\t\t<\/div>\n\t\t\t\t\t\t<div class=\"pp-timeline-item pp-timeline-item-right elementor-repeater-item-1f2f648 pp-timeline-item-hidden\">\n\t\t\t\t<div class=\"pp-timeline-card-wrapper\">\n\t\t\t\t\t\t\t\t\t\t\t\t\t\t\t<div class=\"pp-timeline-arrow\"><\/div>\n\t\t\t\t\t\t\t\t\t\t<div class=\"pp-timeline-card\">\n\t\t\t\t\t\t\t\t\t\t\t\t\t\t\t\t\t\t\t<div class=\"pp-timeline-card-title-wrap\">\n\t\t\t\t\t\t\t\t\t\t\t\t\t\t\t\t\t\t\t\t\t\t\t\t\t\t\t<div class=\"pp-timeline-card-date\">\n\t\t\t\t\t\t\t\t\t\t\tSpring Semester 2022\t\t\t\t\t\t\t\t\t\t<\/div>\n\t\t\t\t\t\t\t\t\t\t\t\t\t\t\t\t\t\t\t\t\t\t\t\t\t\t\t\t\t\t\t\t\t\t\t\t\t\t\t\t\t\t\t<h2 class=\"pp-timeline-card-title\">\n\t\t\t\t\t\t\t\t\t\tLecture Series: On the Waterfront: Literary and Linguistic Perspectives \t\t\t\t\t\t\t\t\t<\/h2>\n\t\t\t\t\t\t\t\t\t\t\t\t\t\t\t<\/div>\n\t\t\t\t\t\t\t\t\t\t\t\t\t\t\t\t\t\t\t<div class=\"pp-timeline-card-content\">\n\t\t\t\t\t\t\t\t<p><span class=\"TextRun SCXW17901905 BCX4\" lang=\"EN-GB\" xml:lang=\"EN-GB\" data-contrast=\"auto\"><span class=\"NormalTextRun SCXW17901905 BCX4\">In conjunction with the English Department at the University of Bern, the project has organised a lecture series on the topic of the Waterfront. Students get literary perspectives of the British waterfront from the medieval and early modern perspective as well as a modern one, as well as an insight into North American Literary representations of it. From a language perspective, the Waterfront is presented to influence sociolinguistics and social semiotics.<\/span><\/span><span class=\"EOP SCXW17901905 BCX4\" data-ccp-props=\"{&quot;201341983&quot;:0,&quot;335559739&quot;:160,&quot;335559740&quot;:259}\">\u00a0<\/span><\/p>\t\t\t\t\t\t\t<\/div>\n\t\t\t\t\t\t\t\t\t\t\t<\/div>\n\t\t\t\t\t\t\t\t\t\t<\/a>\n\t\t\t\t\t\t\t\t\t<\/div>\n\n\t\t\t\t\t\t\t\t\t\t\t<div class=\"pp-timeline-marker-wrapper\">\n\t\t\t\n\t\t\t<div class=\"pp-timeline-marker\">\n\t\t\t\t\t\t\t\t\t\t<span class=\"pp-icon\">\n\t\t\t\t\t\t<i aria-hidden=\"true\" class=\"fas fa-calendar\"><\/i>\t\t\t\t\t\t<\/span>\n\t\t\t\t\t\t\t\t\t<\/div>\n\t\t<\/div>\n\t\t\t\t\t<div class=\"pp-timeline-card-date-wrapper\">\n\t\t\t\t\t\t\t\t\t<div class=\"pp-timeline-card-date\">\n\t\t\t\t\t\tSpring Semester 2022\t\t\t\t\t<\/div>\n\t\t\t\t\t\t\t<\/div>\n\t\t\t\t\t\t\t\t\t\t\t<\/div>\n\t\t\t\t\t\t\t<\/div>\n\t\t\t<\/div>\n\t\t<\/div>\n\t\t\t\t\t\t<\/div>\n\t\t\t\t<\/div>\n\t\t\t\t\t<\/div>\n\t\t<\/div>\n\t\t\t\t\t<\/div>\n\t\t<\/section>\n\t\t\t\t<section class=\"elementor-section elementor-top-section elementor-element elementor-element-a25e2c2 elementor-section-boxed elementor-section-height-default elementor-section-height-default\" data-id=\"a25e2c2\" data-element_type=\"section\" data-e-type=\"section\">\n\t\t\t\t\t\t<div class=\"elementor-container elementor-column-gap-default\">\n\t\t\t\t\t<div class=\"elementor-column elementor-col-100 elementor-top-column elementor-element elementor-element-46ab37a\" data-id=\"46ab37a\" data-element_type=\"column\" data-e-type=\"column\">\n\t\t\t<div class=\"elementor-widget-wrap elementor-element-populated\">\n\t\t\t\t\t\t<div class=\"elementor-element elementor-element-0d909b1 elementor-widget elementor-widget-toggle\" data-id=\"0d909b1\" data-element_type=\"widget\" data-e-type=\"widget\" data-widget_type=\"toggle.default\">\n\t\t\t\t<div class=\"elementor-widget-container\">\n\t\t\t\t\t\t\t<div class=\"elementor-toggle\">\n\t\t\t\t\t\t\t<div class=\"elementor-toggle-item\">\n\t\t\t\t\t<div id=\"elementor-tab-title-1421\" class=\"elementor-tab-title\" data-tab=\"1\" role=\"button\" aria-controls=\"elementor-tab-content-1421\" aria-expanded=\"false\">\n\t\t\t\t\t\t\t\t\t\t\t\t<span class=\"elementor-toggle-icon elementor-toggle-icon-left\" aria-hidden=\"true\">\n\t\t\t\t\t\t\t\t\t\t\t\t\t\t\t<span class=\"elementor-toggle-icon-closed\"><i class=\"fas fa-caret-right\"><\/i><\/span>\n\t\t\t\t\t\t\t\t<span class=\"elementor-toggle-icon-opened\"><i class=\"elementor-toggle-icon-opened fas fa-caret-up\"><\/i><\/span>\n\t\t\t\t\t\t\t\t\t\t\t\t\t<\/span>\n\t\t\t\t\t\t\t\t\t\t\t\t<a class=\"elementor-toggle-title\" tabindex=\"0\">News Archive<\/a>\n\t\t\t\t\t<\/div>\n\n\t\t\t\t\t<div id=\"elementor-tab-content-1421\" class=\"elementor-tab-content elementor-clearfix\" data-tab=\"1\" role=\"region\" aria-labelledby=\"elementor-tab-title-1421\"><p>December 2021 &#8211; SPECIAL ISSUE Ursula Kluwick and Jens Martin Gurr&#8217;s co-edited special issue on interdisciplinary\u00a0literary studies is now online and open access. Not directly beach-related, but with articles about ecocriticism. Open Access at:\u00a0<a class=\"OWAAutoLink\" title=\"https:\/\/angl.winter-verlag.de\/current_issue\/ANGL\" contenteditable=\"false\" href=\"https:\/\/angl.winter-verlag.de\/current_issue\/ANGL\">https:\/\/angl.winter-verlag.de\/current_issue\/ANGL<\/a><\/p><p>November 2021 &#8211; TEAM CHANGES \u00a0Fabienne Blaser decided to leave our project team to pursue a different career path.<\/p><p>June 2021 &#8211; ARTICLE PUBLISHED OPEN ACCESS Prof. Dr. Virginia Richter\u2019s Article \u201cSeaside Resort Blues: The English Seaside in the 1930s.\u201d is now available under <a href=\"https:\/\/doi.org\/10.30608\/HJEAS\/2021\/27\/1\/4\">https:\/\/doi.org\/10.30608\/HJEAS\/2021\/27\/1\/4<\/a><\/p><p>05 May 2021 &#8211; GUEST LECTURE DR ALEXANDRA CAMPBELL \u00a0Dr Alexandra Campbell gave a fascinating talk with the title &#8220;&#8216;Sacrified to Flow&#8217;: Waste, Water and Volumetric Power in Documentary Poetry.&#8221; You can now watch this under <a href=\"https:\/\/readingthebeach.unibe.ch\/?page_id=1535\">Project Output \/ Guest Lectures<\/a>.<\/p><p>29 April 2021 &#8211; GUEST LECTURE PROF. NICHOLAS ALLEN \u00a0Our project team invited Prof. Nicholas Allen for a guest lecture on Irish coasts, titled: &#8220;The Water&#8217;s Speech: Literature at the Water&#8217;s Edge.&#8221; Under <a href=\"https:\/\/readingthebeach.unibe.ch\/?page_id=1535\">Project Output \/ Guest Lectures<\/a>, you can find a recording of the lecture.<\/p><p>Spring 2021 &#8211; &#8220;READING THE BEACH&#8221;-WORKSHOP Part two of the workshop series taught by Prof. Virginia Richter.<\/p><p>18 November 2020 &#8211; GUEST LECTURE &amp; WORKSHOP PROF. JOHN BRANNIGAN To mark the end of the &#8220;Oceanic Studies&#8221;-course, we invited Prof. John Brannigan from University College Dublin gave a lecture, titled &#8220;Blue Frontiers. The Coastal Imaginary in the Age of Environmental Catastrophe.&#8221; More than 80 people came to see him.<\/p><p>Autumn 2020 &#8211; OCEANIC STUDIES WORKSHOP \u00a0Prof. Virginia Richter, our PI teaches a workshop on oceanic studies. All team members, as well as a mix of MA and PhD students attend.<\/p><p>1 August 2020 &#8211; KICK OFF \u00a0Due to lower Covid-numbers the Project Team meets in a Restaurant and has Lunch together. The Project is officially launched!<\/p><\/div>\n\t\t\t\t<\/div>\n\t\t\t\t\t\t\t\t<\/div>\n\t\t\t\t\t\t<\/div>\n\t\t\t\t<\/div>\n\t\t\t\t\t<\/div>\n\t\t<\/div>\n\t\t\t\t\t<\/div>\n\t\t<\/section>\n\t\t\t\t<\/div>\n\t\t","protected":false},"excerpt":{"rendered":"<p>NEWS 14 March 2025 Launch of the Beach Atlas We invite you to visit our project, Digital Shores: An Interactive Atlas of Beach Narratives under the new Literary Atlas tab. 14 March 2025 24 October 2024 Guest lecture Dr. Rachel Murray The project has invited Dr. Rachel Murray from the University of Bristol for a [&hellip;]<\/p>\n","protected":false},"author":2,"featured_media":0,"parent":0,"menu_order":0,"comment_status":"closed","ping_status":"closed","template":"","meta":{"footnotes":""},"class_list":["post-840","page","type-page","status-publish","hentry"],"_links":{"self":[{"href":"https:\/\/readingthebeach.unibe.ch\/index.php?rest_route=\/wp\/v2\/pages\/840","targetHints":{"allow":["GET"]}}],"collection":[{"href":"https:\/\/readingthebeach.unibe.ch\/index.php?rest_route=\/wp\/v2\/pages"}],"about":[{"href":"https:\/\/readingthebeach.unibe.ch\/index.php?rest_route=\/wp\/v2\/types\/page"}],"author":[{"embeddable":true,"href":"https:\/\/readingthebeach.unibe.ch\/index.php?rest_route=\/wp\/v2\/users\/2"}],"replies":[{"embeddable":true,"href":"https:\/\/readingthebeach.unibe.ch\/index.php?rest_route=%2Fwp%2Fv2%2Fcomments&post=840"}],"version-history":[{"count":110,"href":"https:\/\/readingthebeach.unibe.ch\/index.php?rest_route=\/wp\/v2\/pages\/840\/revisions"}],"predecessor-version":[{"id":2187,"href":"https:\/\/readingthebeach.unibe.ch\/index.php?rest_route=\/wp\/v2\/pages\/840\/revisions\/2187"}],"wp:attachment":[{"href":"https:\/\/readingthebeach.unibe.ch\/index.php?rest_route=%2Fwp%2Fv2%2Fmedia&parent=840"}],"curies":[{"name":"wp","href":"https:\/\/api.w.org\/{rel}","templated":true}]}}